{"id":44,"date":"2022-02-23T15:45:53","date_gmt":"2022-02-23T14:45:53","guid":{"rendered":"http:\/\/lescrevettes-noirmoutier.fr\/?page_id=44"},"modified":"2022-07-06T16:32:46","modified_gmt":"2022-07-06T14:32:46","slug":"les-chambres","status":"publish","type":"page","link":"https:\/\/lescrevettes-noirmoutier.fr\/les-chambres\/","title":{"rendered":"Les chambres"},"content":{"rendered":"<p>[et_pb_section fb_built=\u00a0\u00bb1&Prime; admin_label=\u00a0\u00bbsection\u00a0\u00bb _builder_version=\u00a0\u00bb4.16&Prime; global_colors_info=\u00a0\u00bb{}\u00a0\u00bb][et_pb_row column_structure=\u00a0\u00bb1_3,2_3&Prime; use_custom_gutter=\u00a0\u00bbon\u00a0\u00bb gutter_width=\u00a0\u00bb2&Prime; make_equal=\u00a0\u00bbon\u00a0\u00bb module_class=\u00a0\u00bbflex\u00a0\u00bb _builder_version=\u00a0\u00bb4.16&Prime; _module_preset=\u00a0\u00bbdefault\u00a0\u00bb max_width=\u00a0\u00bb2560px\u00a0\u00bb custom_margin=\u00a0\u00bb||50px||false|false\u00a0\u00bb custom_margin_tablet=\u00a0\u00bb||0px||false|false\u00a0\u00bb custom_margin_phone=\u00a0\u00bb||0px||false|false\u00a0\u00bb custom_margin_last_edited=\u00a0\u00bbon|desktop\u00a0\u00bb locked=\u00a0\u00bboff\u00a0\u00bb global_colors_info=\u00a0\u00bb{}\u00a0\u00bb][et_pb_column type=\u00a0\u00bb1_3&Prime; module_class=\u00a0\u00bbzindexbig\u00a0\u00bb _builder_version=\u00a0\u00bb4.16&Prime; _module_preset=\u00a0\u00bbdefault\u00a0\u00bb global_colors_info=\u00a0\u00bb{}\u00a0\u00bb][et_pb_text admin_label=\u00a0\u00bbLES CHAMBRES\u00a0\u00bb module_class=\u00a0\u00bbtext-shadowed nowrap\u00a0\u00bb _builder_version=\u00a0\u00bb4.16&Prime; _module_preset=\u00a0\u00bbdefault\u00a0\u00bb header_2_font=\u00a0\u00bb|300||on|||||\u00a0\u00bb header_2_text_align=\u00a0\u00bbleft\u00a0\u00bb header_2_text_color=\u00a0\u00bb#161615&Prime; header_2_font_size=\u00a0\u00bb4.5rem\u00a0\u00bb global_colors_info=\u00a0\u00bb{}\u00a0\u00bb]<\/p>\n<h2>LES<br \/>CHAMBRES<\/h2>\n<p>[\/et_pb_text][et_pb_text _builder_version=\u00a0\u00bb4.17.0&Prime; _module_preset=\u00a0\u00bbdefault\u00a0\u00bb global_colors_info=\u00a0\u00bb{}\u00a0\u00bb]<\/p>\n<p><span style=\"font-weight: 400;\">Afin de vous \u00e9vader, chaque chambre vous racontera une histoire et j\u2019esp\u00e8re, vous donnera envie de d\u00e9couvrir l\u2019histoire de l\u2019\u00eele de Noirmoutier et de ses habitants.<\/span><\/p>\n<p><span style=\"font-weight: 400;\">D\u2019environ 18 <span>m\u00b2<\/span> et toujours dans une ambiance champ\u00eatre et familiale, les 4 chambres sont \u00e9quip\u00e9es d\u2019un lit 160cm, d\u2019une t\u00e9l\u00e9vision \u00e0 \u00e9cran plat, un bureau et une salle d\u2019eau privative avec lavabo douche et wc.<\/span><\/p>\n<p>[\/et_pb_text][\/et_pb_column][et_pb_column type=\u00a0\u00bb2_3&Prime; _builder_version=\u00a0\u00bb4.16&Prime; _module_preset=\u00a0\u00bbdefault\u00a0\u00bb global_colors_info=\u00a0\u00bb{}\u00a0\u00bb][et_pb_portfolio fullwidth=\u00a0\u00bboff\u00a0\u00bb posts_number=\u00a0\u00bb4&Prime; zoom_icon_color=\u00a0\u00bbRGBA(255,255,255,0)\u00a0\u00bb module_class=\u00a0\u00bbquatrecols\u00a0\u00bb _builder_version=\u00a0\u00bb4.16&Prime; _module_preset=\u00a0\u00bbdefault\u00a0\u00bb title_level=\u00a0\u00bbh3&Prime; title_font=\u00a0\u00bb|700||on|||||\u00a0\u00bb title_text_color=\u00a0\u00bb#E49585&Prime; title_font_size=\u00a0\u00bb18px\u00a0\u00bb caption_font=\u00a0\u00bb|300||on|||||\u00a0\u00bb caption_text_color=\u00a0\u00bb#E49585&Prime; global_colors_info=\u00a0\u00bb{}\u00a0\u00bb][\/et_pb_portfolio][\/et_pb_column][\/et_pb_row][et_pb_row column_structure=\u00a0\u00bb1_4,3_4&Prime; use_custom_gutter=\u00a0\u00bbon\u00a0\u00bb gutter_width=\u00a0\u00bb2&Prime; _builder_version=\u00a0\u00bb4.16&Prime; _module_preset=\u00a0\u00bbdefault\u00a0\u00bb max_width=\u00a0\u00bb2560px\u00a0\u00bb custom_margin=\u00a0\u00bb||50px||false|false\u00a0\u00bb custom_margin_tablet=\u00a0\u00bb||0px||false|false\u00a0\u00bb custom_margin_phone=\u00a0\u00bb||0px||false|false\u00a0\u00bb custom_margin_last_edited=\u00a0\u00bbon|tablet\u00a0\u00bb locked=\u00a0\u00bboff\u00a0\u00bb global_colors_info=\u00a0\u00bb{}\u00a0\u00bb][et_pb_column type=\u00a0\u00bb1_4&Prime; _builder_version=\u00a0\u00bb4.16&Prime; _module_preset=\u00a0\u00bbdefault\u00a0\u00bb global_colors_info=\u00a0\u00bb{}\u00a0\u00bb][et_pb_text admin_label=\u00a0\u00bbLES SERVICES\u00a0\u00bb module_class=\u00a0\u00bbtext-shadowed nowrap\u00a0\u00bb _builder_version=\u00a0\u00bb4.16&Prime; _module_preset=\u00a0\u00bbdefault\u00a0\u00bb header_2_font=\u00a0\u00bb|300||on|||||\u00a0\u00bb header_2_text_align=\u00a0\u00bbleft\u00a0\u00bb header_2_text_color=\u00a0\u00bb#161615&Prime; header_2_font_size=\u00a0\u00bb4.5rem\u00a0\u00bb locked=\u00a0\u00bboff\u00a0\u00bb global_colors_info=\u00a0\u00bb{}\u00a0\u00bb]<\/p>\n<h2>LES<br \/>SERVICES<\/h2>\n<p>[\/et_pb_text][\/et_pb_column][et_pb_column type=\u00a0\u00bb3_4&Prime; module_class=\u00a0\u00bbdemi_demi\u00a0\u00bb _builder_version=\u00a0\u00bb4.16&Prime; _module_preset=\u00a0\u00bbdefault\u00a0\u00bb global_colors_info=\u00a0\u00bb{}\u00a0\u00bb][et_pb_text module_class=\u00a0\u00bbdemi\u00a0\u00bb _builder_version=\u00a0\u00bb4.17.4&Prime; _module_preset=\u00a0\u00bbdefault\u00a0\u00bb text_orientation=\u00a0\u00bbcenter\u00a0\u00bb max_width=\u00a0\u00bb100%\u00a0\u00bb max_width_tablet=\u00a0\u00bb100%\u00a0\u00bb max_width_phone=\u00a0\u00bb100%\u00a0\u00bb max_width_last_edited=\u00a0\u00bbon|tablet\u00a0\u00bb module_alignment=\u00a0\u00bbcenter\u00a0\u00bb custom_padding=\u00a0\u00bb|15px||15px|false|true\u00a0\u00bb hover_enabled=\u00a0\u00bb0&Prime; locked=\u00a0\u00bboff\u00a0\u00bb global_colors_info=\u00a0\u00bb{}\u00a0\u00bb sticky_enabled=\u00a0\u00bb0&Prime;]<\/p>\n<p><strong>De 8h \u00e0 10h30,<\/strong><\/p>\n<p class=\"p1\">Marie-Ange vous accueillera dans la salle \u00e0 manger afin de vous proposer un petit d\u00e9jeuner complet afin de bien d\u00e9marrer la journ\u00e9e !<\/p>\n<p><strong>Besoin d&rsquo;id\u00e9es de visite\u00a0?<\/strong><\/p>\n<p class=\"p1\">N&rsquo;h\u00e9sitez pas \u00e0 demander, Marie-Ange native de l&rsquo;\u00eele de Noirmoutier vous conseillera dans les balades pour d\u00e9couvrir \u00e0 travers chemins et plages les joyaux de l&rsquo;\u00eele.<\/p>\n<p>[\/et_pb_text][et_pb_gallery gallery_ids=\u00a0\u00bb643,644&Prime; show_title_and_caption=\u00a0\u00bboff\u00a0\u00bb show_pagination=\u00a0\u00bboff\u00a0\u00bb zoom_icon_color=\u00a0\u00bbRGBA(255,255,255,0)\u00a0\u00bb hover_overlay_color=\u00a0\u00bbRGBA(255,255,255,0)\u00a0\u00bb module_class=\u00a0\u00bbdeuxcols demi\u00a0\u00bb _builder_version=\u00a0\u00bb4.17.3&Prime; _dynamic_attributes=\u00a0\u00bblink_option_url\u00a0\u00bb _module_preset=\u00a0\u00bbdefault\u00a0\u00bb border_width_all_image=\u00a0\u00bb1px\u00a0\u00bb border_color_all_image=\u00a0\u00bb#E49585&Prime; locked=\u00a0\u00bboff\u00a0\u00bb global_colors_info=\u00a0\u00bb{}\u00a0\u00bb][\/et_pb_gallery][\/et_pb_column][\/et_pb_row][et_pb_row column_structure=\u00a0\u00bb1_2,1_2&Prime; _builder_version=\u00a0\u00bb4.14.8&Prime; _module_preset=\u00a0\u00bbdefault\u00a0\u00bb max_width=\u00a0\u00bb2560px\u00a0\u00bb custom_margin=\u00a0\u00bb||50px||false|false\u00a0\u00bb custom_padding=\u00a0\u00bb||0px||false|false\u00a0\u00bb global_module=\u00a0\u00bb375&Prime; saved_tabs=\u00a0\u00bball\u00a0\u00bb locked=\u00a0\u00bboff\u00a0\u00bb global_colors_info=\u00a0\u00bb{}\u00a0\u00bb][et_pb_column type=\u00a0\u00bb1_2&Prime; _builder_version=\u00a0\u00bb4.16&Prime; _module_preset=\u00a0\u00bbdefault\u00a0\u00bb global_colors_info=\u00a0\u00bb{}\u00a0\u00bb][et_pb_text admin_label=\u00a0\u00bbR\u00c9SERVEZ UNE CHAMBRE\u00a0\u00bb module_class=\u00a0\u00bbtext-shadowed nowrap\u00a0\u00bb _builder_version=\u00a0\u00bb4.16&Prime; _module_preset=\u00a0\u00bbdefault\u00a0\u00bb header_2_font=\u00a0\u00bb|300||on|||||\u00a0\u00bb header_2_text_align=\u00a0\u00bbleft\u00a0\u00bb header_2_text_color=\u00a0\u00bb#161615&Prime; header_2_font_size=\u00a0\u00bb4.5rem\u00a0\u00bb global_colors_info=\u00a0\u00bb{}\u00a0\u00bb]<\/p>\n<h2>R\u00c9SERVEZ<br \/>UNE CHAMBRE<\/h2>\n<p>[\/et_pb_text][\/et_pb_column][et_pb_column type=\u00a0\u00bb1_2&Prime; _builder_version=\u00a0\u00bb4.16&Prime; _module_preset=\u00a0\u00bbdefault\u00a0\u00bb global_colors_info=\u00a0\u00bb{}\u00a0\u00bb][et_pb_button button_url=\u00a0\u00bb@ET-DC@eyJkeW5hbWljIjp0cnVlLCJjb250ZW50IjoicG9zdF9saW5rX3VybF9wYWdlIiwic2V0dGluZ3MiOnsicG9zdF9pZCI6IjQ3In19@\u00a0\u00bb button_text=\u00a0\u00bbContactez-nous\u00a0\u00bb button_alignment=\u00a0\u00bbleft\u00a0\u00bb _builder_version=\u00a0\u00bb4.16&Prime; _dynamic_attributes=\u00a0\u00bbbutton_url\u00a0\u00bb _module_preset=\u00a0\u00bbdefault\u00a0\u00bb global_colors_info=\u00a0\u00bb{}\u00a0\u00bb][\/et_pb_button][\/et_pb_column][\/et_pb_row][\/et_pb_section]<\/p>\n","protected":false},"excerpt":{"rendered":"<p>LESCHAMBRESAfin de vous \u00e9vader, chaque chambre vous racontera une histoire et j\u2019esp\u00e8re, vous donnera envie de d\u00e9couvrir l\u2019histoire de l\u2019\u00eele de Noirmoutier et de ses habitants. D\u2019environ 18 m\u00b2 et toujours dans une ambiance champ\u00eatre et familiale, les 4 chambres sont \u00e9quip\u00e9es d\u2019un lit 160cm, d\u2019une t\u00e9l\u00e9vision \u00e0 \u00e9cran plat, un bureau et une salle [&hellip;]<\/p>\n","protected":false},"author":1,"featured_media":0,"parent":0,"menu_order":0,"comment_status":"closed","ping_status":"open","template":"","meta":{"_et_pb_use_builder":"on","_et_pb_old_content":"<!-- wp:paragraph -->\r\n<p>Ceci est une page d\u2019exemple. C\u2019est diff\u00e9rent d\u2019un article de blog parce qu\u2019elle restera au m\u00eame endroit et appara\u00eetra dans la navigation de votre site (dans la plupart des th\u00e8mes). La plupart des gens commencent par une page \u00ab\u00a0\u00c0 propos\u00a0\u00bb qui les pr\u00e9sente aux personnes visitant le site. Cela pourrait ressembler \u00e0 quelque chose comme cela\u00a0:<\/p>\r\n<!-- \/wp:paragraph --><!-- wp:quote -->\r\n<blockquote class=\"wp-block-quote\">\r\n<p>Bonjour\u00a0! Je suis un m\u00e9canicien qui aspire \u00e0 devenir acteur, et voici mon site. J\u2019habite \u00e0 Bordeaux, j\u2019ai un super chien baptis\u00e9 Russell, et j\u2019aime la vodka (ainsi qu\u2019\u00eatre surpris par la pluie soudaine lors de longues balades sur la plage au coucher du soleil).<\/p>\r\n<\/blockquote>\r\n<!-- \/wp:quote --><!-- wp:paragraph -->\r\n<p>\u2026ou quelque chose comme cela\u00a0:<\/p>\r\n<!-- \/wp:paragraph --><!-- wp:quote -->\r\n<blockquote class=\"wp-block-quote\">\r\n<p>La soci\u00e9t\u00e9 123 Machin Truc a \u00e9t\u00e9 cr\u00e9\u00e9e en 1971, et n\u2019a cess\u00e9 de proposer au public des machins-trucs de qualit\u00e9 depuis lors. Situ\u00e9e \u00e0 Saint-Remy-en-Bouzemont-Saint-Genest-et-Isson, 123 Machin Truc emploie 2 000 personnes, et fabrique toutes sortes de bidules supers pour la communaut\u00e9 bouzemontoise.<\/p>\r\n<\/blockquote>\r\n<!-- \/wp:quote --><!-- wp:paragraph -->\r\n<p>En tant que nouvel utilisateur ou utilisatrice de WordPress, vous devriez vous rendre sur <a href=\"http:\/\/lescrevettes-noirmoutier.fr\/wp-admin\/\">votre tableau de bord<\/a> pour supprimer cette page et cr\u00e9er de nouvelles pages pour votre contenu. Amusez-vous bien\u00a0!<\/p>\r\n<!-- \/wp:paragraph -->","_et_gb_content_width":"","_monsterinsights_skip_tracking":false,"_monsterinsights_sitenote_active":false,"_monsterinsights_sitenote_note":"","_monsterinsights_sitenote_category":0,"footnotes":""},"class_list":["post-44","page","type-page","status-publish","hentry"],"yoast_head":"<!-- This site is optimized with the Yoast SEO plugin v26.9 - https:\/\/yoast.com\/product\/yoast-seo-wordpress\/ -->\n<title>Les chambres - Les Crevettes<\/title>\n<meta name=\"robots\" content=\"index, follow, max-snippet:-1, max-image-preview:large, max-video-preview:-1\" \/>\n<link rel=\"canonical\" href=\"https:\/\/lescrevettes-noirmoutier.fr\/les-chambres\/\" \/>\n<meta property=\"og:locale\" content=\"fr_FR\" \/>\n<meta property=\"og:type\" content=\"article\" \/>\n<meta property=\"og:title\" content=\"Les chambres - Les Crevettes\" \/>\n<meta property=\"og:description\" content=\"LESCHAMBRESAfin de vous \u00e9vader, chaque chambre vous racontera une histoire et j\u2019esp\u00e8re, vous donnera envie de d\u00e9couvrir l\u2019histoire de l\u2019\u00eele de Noirmoutier et de ses habitants. D\u2019environ 18 m\u00b2 et toujours dans une ambiance champ\u00eatre et familiale, les 4 chambres sont \u00e9quip\u00e9es d\u2019un lit 160cm, d\u2019une t\u00e9l\u00e9vision \u00e0 \u00e9cran plat, un bureau et une salle [&hellip;]\" \/>\n<meta property=\"og:url\" content=\"https:\/\/lescrevettes-noirmoutier.fr\/les-chambres\/\" \/>\n<meta property=\"og:site_name\" content=\"Les Crevettes\" \/>\n<meta property=\"article:modified_time\" content=\"2022-07-06T14:32:46+00:00\" \/>\n<meta name=\"twitter:card\" content=\"summary_large_image\" \/>\n<meta name=\"twitter:label1\" content=\"Dur\u00e9e de lecture estim\u00e9e\" \/>\n\t<meta name=\"twitter:data1\" content=\"4 minutes\" \/>\n<script type=\"application\/ld+json\" class=\"yoast-schema-graph\">{\"@context\":\"https:\/\/schema.org\",\"@graph\":[{\"@type\":\"WebPage\",\"@id\":\"https:\/\/lescrevettes-noirmoutier.fr\/les-chambres\/\",\"url\":\"https:\/\/lescrevettes-noirmoutier.fr\/les-chambres\/\",\"name\":\"Les chambres - Les Crevettes\",\"isPartOf\":{\"@id\":\"https:\/\/lescrevettes-noirmoutier.fr\/#website\"},\"datePublished\":\"2022-02-23T14:45:53+00:00\",\"dateModified\":\"2022-07-06T14:32:46+00:00\",\"breadcrumb\":{\"@id\":\"https:\/\/lescrevettes-noirmoutier.fr\/les-chambres\/#breadcrumb\"},\"inLanguage\":\"fr-FR\",\"potentialAction\":[{\"@type\":\"ReadAction\",\"target\":[\"https:\/\/lescrevettes-noirmoutier.fr\/les-chambres\/\"]}]},{\"@type\":\"BreadcrumbList\",\"@id\":\"https:\/\/lescrevettes-noirmoutier.fr\/les-chambres\/#breadcrumb\",\"itemListElement\":[{\"@type\":\"ListItem\",\"position\":1,\"name\":\"Accueil\",\"item\":\"https:\/\/lescrevettes-noirmoutier.fr\/\"},{\"@type\":\"ListItem\",\"position\":2,\"name\":\"Les chambres\"}]},{\"@type\":\"WebSite\",\"@id\":\"https:\/\/lescrevettes-noirmoutier.fr\/#website\",\"url\":\"https:\/\/lescrevettes-noirmoutier.fr\/\",\"name\":\"Les Crevettes\",\"description\":\"Chambre d\u2019h\u00f4te sur l&#039;ile de Noirmoutier\",\"potentialAction\":[{\"@type\":\"SearchAction\",\"target\":{\"@type\":\"EntryPoint\",\"urlTemplate\":\"https:\/\/lescrevettes-noirmoutier.fr\/?s={search_term_string}\"},\"query-input\":{\"@type\":\"PropertyValueSpecification\",\"valueRequired\":true,\"valueName\":\"search_term_string\"}}],\"inLanguage\":\"fr-FR\"}]}<\/script>\n<!-- \/ Yoast SEO plugin. -->","yoast_head_json":{"title":"Les chambres - Les Crevettes","robots":{"index":"index","follow":"follow","max-snippet":"max-snippet:-1","max-image-preview":"max-image-preview:large","max-video-preview":"max-video-preview:-1"},"canonical":"https:\/\/lescrevettes-noirmoutier.fr\/les-chambres\/","og_locale":"fr_FR","og_type":"article","og_title":"Les chambres - Les Crevettes","og_description":"LESCHAMBRESAfin de vous \u00e9vader, chaque chambre vous racontera une histoire et j\u2019esp\u00e8re, vous donnera envie de d\u00e9couvrir l\u2019histoire de l\u2019\u00eele de Noirmoutier et de ses habitants. D\u2019environ 18 m\u00b2 et toujours dans une ambiance champ\u00eatre et familiale, les 4 chambres sont \u00e9quip\u00e9es d\u2019un lit 160cm, d\u2019une t\u00e9l\u00e9vision \u00e0 \u00e9cran plat, un bureau et une salle [&hellip;]","og_url":"https:\/\/lescrevettes-noirmoutier.fr\/les-chambres\/","og_site_name":"Les Crevettes","article_modified_time":"2022-07-06T14:32:46+00:00","twitter_card":"summary_large_image","twitter_misc":{"Dur\u00e9e de lecture estim\u00e9e":"4 minutes"},"schema":{"@context":"https:\/\/schema.org","@graph":[{"@type":"WebPage","@id":"https:\/\/lescrevettes-noirmoutier.fr\/les-chambres\/","url":"https:\/\/lescrevettes-noirmoutier.fr\/les-chambres\/","name":"Les chambres - Les Crevettes","isPartOf":{"@id":"https:\/\/lescrevettes-noirmoutier.fr\/#website"},"datePublished":"2022-02-23T14:45:53+00:00","dateModified":"2022-07-06T14:32:46+00:00","breadcrumb":{"@id":"https:\/\/lescrevettes-noirmoutier.fr\/les-chambres\/#breadcrumb"},"inLanguage":"fr-FR","potentialAction":[{"@type":"ReadAction","target":["https:\/\/lescrevettes-noirmoutier.fr\/les-chambres\/"]}]},{"@type":"BreadcrumbList","@id":"https:\/\/lescrevettes-noirmoutier.fr\/les-chambres\/#breadcrumb","itemListElement":[{"@type":"ListItem","position":1,"name":"Accueil","item":"https:\/\/lescrevettes-noirmoutier.fr\/"},{"@type":"ListItem","position":2,"name":"Les chambres"}]},{"@type":"WebSite","@id":"https:\/\/lescrevettes-noirmoutier.fr\/#website","url":"https:\/\/lescrevettes-noirmoutier.fr\/","name":"Les Crevettes","description":"Chambre d\u2019h\u00f4te sur l&#039;ile de Noirmoutier","potentialAction":[{"@type":"SearchAction","target":{"@type":"EntryPoint","urlTemplate":"https:\/\/lescrevettes-noirmoutier.fr\/?s={search_term_string}"},"query-input":{"@type":"PropertyValueSpecification","valueRequired":true,"valueName":"search_term_string"}}],"inLanguage":"fr-FR"}]}},"_links":{"self":[{"href":"https:\/\/lescrevettes-noirmoutier.fr\/api\/wp\/v2\/pages\/44","targetHints":{"allow":["GET"]}}],"collection":[{"href":"https:\/\/lescrevettes-noirmoutier.fr\/api\/wp\/v2\/pages"}],"about":[{"href":"https:\/\/lescrevettes-noirmoutier.fr\/api\/wp\/v2\/types\/page"}],"author":[{"embeddable":true,"href":"https:\/\/lescrevettes-noirmoutier.fr\/api\/wp\/v2\/users\/1"}],"replies":[{"embeddable":true,"href":"https:\/\/lescrevettes-noirmoutier.fr\/api\/wp\/v2\/comments?post=44"}],"version-history":[{"count":23,"href":"https:\/\/lescrevettes-noirmoutier.fr\/api\/wp\/v2\/pages\/44\/revisions"}],"predecessor-version":[{"id":688,"href":"https:\/\/lescrevettes-noirmoutier.fr\/api\/wp\/v2\/pages\/44\/revisions\/688"}],"wp:attachment":[{"href":"https:\/\/lescrevettes-noirmoutier.fr\/api\/wp\/v2\/media?parent=44"}],"curies":[{"name":"wp","href":"https:\/\/api.w.org\/{rel}","templated":true}]}}